{"id":21,"date":"2023-11-18T21:38:42","date_gmt":"2023-11-18T20:38:42","guid":{"rendered":"http:\/\/psychedelsi.org\/?page_id=21"},"modified":"2025-02-17T09:21:23","modified_gmt":"2025-02-17T08:21:23","slug":"team","status":"publish","type":"page","link":"https:\/\/psychedelsi.org\/de\/team\/","title":{"rendered":"Das Team"},"content":{"rendered":"<div data-elementor-type=\"wp-page\" data-elementor-id=\"21\" class=\"elementor elementor-21\">\n\t\t\t\t<div class=\"elementor-element elementor-element-a3bffc4 e-flex e-con-boxed e-con e-parent\" data-id=\"a3bffc4\" data-element_type=\"container\" data-e-type=\"container\">\n\t\t\t\t\t<div class=\"e-con-inner\">\n\t\t\t\t<div class=\"elementor-element elementor-element-5d4179b elementor-widget__width-initial elementor-widget elementor-widget-text-editor\" data-id=\"5d4179b\" data-element_type=\"widget\" data-e-type=\"widget\" data-widget_type=\"text-editor.default\">\n\t\t\t\t<div class=\"elementor-widget-container\">\n\t\t\t\t\t\t\t\t\t<hr \/><p>\u00a0<\/p>\t\t\t\t\t\t\t\t<\/div>\n\t\t\t\t<\/div>\n\t\t\t\t\t<\/div>\n\t\t\t\t<\/div>\n\t\t<div class=\"elementor-element elementor-element-eda9f5c e-flex e-con-boxed e-con e-parent\" data-id=\"eda9f5c\" data-element_type=\"container\" data-e-type=\"container\">\n\t\t\t\t\t<div class=\"e-con-inner\">\n\t\t<div class=\"elementor-element elementor-element-e3e1a88 e-con-full e-flex e-con e-child\" data-id=\"e3e1a88\" data-element_type=\"container\" data-e-type=\"container\">\n\t\t\t\t<div class=\"elementor-element elementor-element-60a6d0a elementor-widget elementor-widget-image\" data-id=\"60a6d0a\" data-element_type=\"widget\" data-e-type=\"widget\" data-widget_type=\"image.default\">\n\t\t\t\t<div class=\"elementor-widget-container\">\n\t\t\t\t\t\t\t\t\t\t\t\t\t\t\t<img decoding=\"async\" width=\"150\" height=\"150\" src=\"https:\/\/psychedelsi.org\/wp-content\/uploads\/2024\/02\/IMG_0611-1-scaled-e1707345872578-150x150.jpg\" class=\"attachment-thumbnail size-thumbnail wp-image-1117\" alt=\"\" srcset=\"https:\/\/psychedelsi.org\/wp-content\/uploads\/2024\/02\/IMG_0611-1-scaled-e1707345872578-150x150.jpg 150w, https:\/\/psychedelsi.org\/wp-content\/uploads\/2024\/02\/IMG_0611-1-scaled-e1707345872578-300x298.jpg 300w, https:\/\/psychedelsi.org\/wp-content\/uploads\/2024\/02\/IMG_0611-1-scaled-e1707345872578-1024x1016.jpg 1024w, https:\/\/psychedelsi.org\/wp-content\/uploads\/2024\/02\/IMG_0611-1-scaled-e1707345872578-768x762.jpg 768w, https:\/\/psychedelsi.org\/wp-content\/uploads\/2024\/02\/IMG_0611-1-scaled-e1707345872578-1536x1524.jpg 1536w, https:\/\/psychedelsi.org\/wp-content\/uploads\/2024\/02\/IMG_0611-1-scaled-e1707345872578-12x12.jpg 12w, https:\/\/psychedelsi.org\/wp-content\/uploads\/2024\/02\/IMG_0611-1-scaled-e1707345872578.jpg 1706w\" sizes=\"(max-width: 150px) 100vw, 150px\" \/>\t\t\t\t\t\t\t\t\t\t\t\t\t\t\t<\/div>\n\t\t\t\t<\/div>\n\t\t\t\t<\/div>\n\t\t\t\t<div class=\"elementor-element elementor-element-fe19773 elementor-widget elementor-widget-text-editor\" data-id=\"fe19773\" data-element_type=\"widget\" data-e-type=\"widget\" data-widget_type=\"text-editor.default\">\n\t\t\t\t<div class=\"elementor-widget-container\">\n\t\t\t\t\t\t\t\t\t<p class=\"translation-block\"><span style=\"color: #333333\">Der Forschungsschwerpunkt von<a style=\"color: #333333\" href=\"http:\/\/www.chrisbublitz.de\/\" target=\"_self\"><b> Christoph Bublitz<\/b><\/a>  liegt auf der rechtlichen Regulierung des menschlichen Geistes und den rechtlichen Implikationen von Entwicklungen in Psychologie und Neurowissenschaften. Er ist eine f\u00fchrende Pers\u00f6nlichkeit auf dem Gebiet der Neuroethik, hat ausf\u00fchrlich \u00fcber Recht und Ethik von Neurointerventionen und Psychotherapie geschrieben und wurde f\u00fcr seine Arbeit zu rechtlichen und ethischen Problemen der Psychotherapie und dem menschenrechtlichen Schutz des Geistes mit Preisen ausgezeichnet. Zu den k\u00fcrzlich herausgegebenen B\u00e4nden zu diesem Projekt geh\u00f6ren <i>The Law and Ethics of Freedom of Thought <\/i>(Palgrave, 2021, mit Marc Blitz) und <i>Empirische Ethik: Grundlagentexte aus Philosophie und Psychologie <\/i>(Suhrkamp, 2020, mit Norbert Paulo).<\/p>\t\t\t\t\t\t\t\t<\/div>\n\t\t\t\t<\/div>\n\t\t\t\t\t<\/div>\n\t\t\t\t<\/div>\n\t\t<div class=\"elementor-element elementor-element-117cfdc e-flex e-con-boxed e-con e-parent\" data-id=\"117cfdc\" data-element_type=\"container\" data-e-type=\"container\">\n\t\t\t\t\t<div class=\"e-con-inner\">\n\t\t<div class=\"elementor-element elementor-element-a4c7199 e-con-full e-flex e-con e-child\" data-id=\"a4c7199\" data-element_type=\"container\" data-e-type=\"container\">\n\t\t\t\t<div class=\"elementor-element elementor-element-748f175 elementor-widget elementor-widget-image\" data-id=\"748f175\" data-element_type=\"widget\" data-e-type=\"widget\" data-widget_type=\"image.default\">\n\t\t\t\t<div class=\"elementor-widget-container\">\n\t\t\t\t\t\t\t\t\t\t\t\t\t\t\t<img decoding=\"async\" width=\"150\" height=\"150\" src=\"https:\/\/psychedelsi.org\/wp-content\/uploads\/2024\/01\/photo_5830003279654928362_y-150x150.jpg\" class=\"attachment-thumbnail size-thumbnail wp-image-704\" alt=\"\" \/>\t\t\t\t\t\t\t\t\t\t\t\t\t\t\t<\/div>\n\t\t\t\t<\/div>\n\t\t\t\t<\/div>\n\t\t\t\t<div class=\"elementor-element elementor-element-9f6fc39 elementor-widget elementor-widget-text-editor\" data-id=\"9f6fc39\" data-element_type=\"widget\" data-e-type=\"widget\" data-widget_type=\"text-editor.default\">\n\t\t\t\t<div class=\"elementor-widget-container\">\n\t\t\t\t\t\t\t\t\t<p><span style=\"color: #333333;\"><b>Chiara Caporuscio<\/b> is a postdoc working in philosophy and medical ethics at Charit\u00e9 Universit\u00e4tsmedizin Berlin and Friedrich-Alexander-Universit\u00e4t Erlangen-N\u00fcrnberg. Her research interests focus on the ethics and epistemology of psychedelic experiences, altered states of consciousness, failures of self-knowledge, and delusional belief formation.<\/span><\/p>\t\t\t\t\t\t\t\t<\/div>\n\t\t\t\t<\/div>\n\t\t\t\t\t<\/div>\n\t\t\t\t<\/div>\n\t\t<div class=\"elementor-element elementor-element-89bc9be e-flex e-con-boxed e-con e-parent\" data-id=\"89bc9be\" data-element_type=\"container\" data-e-type=\"container\">\n\t\t\t\t\t<div class=\"e-con-inner\">\n\t\t<div class=\"elementor-element elementor-element-6962adc e-con-full e-flex e-con e-child\" data-id=\"6962adc\" data-element_type=\"container\" data-e-type=\"container\">\n\t\t\t\t<div class=\"elementor-element elementor-element-cc76a12 elementor-widget elementor-widget-image\" data-id=\"cc76a12\" data-element_type=\"widget\" data-e-type=\"widget\" data-widget_type=\"image.default\">\n\t\t\t\t<div class=\"elementor-widget-container\">\n\t\t\t\t\t\t\t\t\t\t\t\t\t\t\t<img decoding=\"async\" width=\"150\" height=\"150\" src=\"https:\/\/psychedelsi.org\/wp-content\/uploads\/2024\/01\/cropped-Sascha-Fink-Portrait-Thomas_Sasse-27-2-150x150.jpg\" class=\"attachment-thumbnail size-thumbnail wp-image-730\" alt=\"\" \/>\t\t\t\t\t\t\t\t\t\t\t\t\t\t\t<\/div>\n\t\t\t\t<\/div>\n\t\t\t\t<\/div>\n\t\t\t\t<div class=\"elementor-element elementor-element-488c3ea elementor-widget elementor-widget-text-editor\" data-id=\"488c3ea\" data-element_type=\"widget\" data-e-type=\"widget\" data-widget_type=\"text-editor.default\">\n\t\t\t\t<div class=\"elementor-widget-container\">\n\t\t\t\t\t\t\t\t\t<p><a href=\"http:\/\/finks.de\/\"><b><span style=\"color: #333333;\">Sascha Benjamin Fink<\/span><\/b><\/a><span style=\"color: #333333;\"> ist Forschungsdirektor des Zentrums f\u00fcr Philosophie und KI-Forschung an der Friedrich-Alexander-Universit\u00e4t Erlangen-N\u00fcrnberg und dem Department of Philosophy der University of Glasgow angegliedert. Seine Forschung konzentriert sich auf epistemische Fragen rund um das Bewusstsein, insbesondere auf die Forschung zu den neuronalen Korrelaten des Bewusstseins (Fink 2016; 2020; Fink, Kob und Lyre 2021). Er hat philosophische Analysen zu psychedelisch induzierten Ph\u00e4nomenen wie Ich-Aufl\u00f6sung (Fink 2020), epistemischen Schwierigkeiten bei der Introspektion (Fink 2018) und sozialen und politischen Dimensionen transformativer Erfahrungen (Fink 2019; 2020) ver\u00f6ffentlicht.<\/span><b><span style=\"color: #333333;\">.<\/span> <\/b><\/p>\t\t\t\t\t\t\t\t<\/div>\n\t\t\t\t<\/div>\n\t\t\t\t\t<\/div>\n\t\t\t\t<\/div>\n\t\t<div class=\"elementor-element elementor-element-c314e63 e-flex e-con-boxed e-con e-parent\" data-id=\"c314e63\" data-element_type=\"container\" data-e-type=\"container\">\n\t\t\t\t\t<div class=\"e-con-inner\">\n\t\t<div class=\"elementor-element elementor-element-22f9152 e-con-full e-flex e-con e-child\" data-id=\"22f9152\" data-element_type=\"container\" data-e-type=\"container\">\n\t\t\t\t<div class=\"elementor-element elementor-element-3cb938e elementor-widget elementor-widget-image\" data-id=\"3cb938e\" data-element_type=\"widget\" data-e-type=\"widget\" data-widget_type=\"image.default\">\n\t\t\t\t<div class=\"elementor-widget-container\">\n\t\t\t\t\t\t\t\t\t\t\t\t\t\t\t<img loading=\"lazy\" decoding=\"async\" width=\"150\" height=\"150\" src=\"https:\/\/psychedelsi.org\/wp-content\/uploads\/2024\/01\/csm_Foto_Dienstausweis_Gieselmann_bcb88eb0de-150x150.jpg\" class=\"attachment-thumbnail size-thumbnail wp-image-731\" alt=\"\" \/>\t\t\t\t\t\t\t\t\t\t\t\t\t\t\t<\/div>\n\t\t\t\t<\/div>\n\t\t\t\t<\/div>\n\t\t\t\t<div class=\"elementor-element elementor-element-7e32ecf elementor-widget elementor-widget-text-editor\" data-id=\"7e32ecf\" data-element_type=\"widget\" data-e-type=\"widget\" data-widget_type=\"text-editor.default\">\n\t\t\t\t<div class=\"elementor-widget-container\">\n\t\t\t\t\t\t\t\t\t<p><span style=\"color: #333333;\"><b><\/b><a style=\"color: #333333;\" href=\"https:\/\/psychiatrie.charite.de\/metas\/person\/person\/address_detail\/dr_med_astrid_gieselmann\/\"><b>Astrid Gieselmann<\/b><\/a>, wissenschaftliche Mitarbeiterin und Assistenz\u00e4rztin an der Charit\u00e9 bringt ihre umfangreichen Erfahrungen in der Medizinethik in das Projekt ein.<\/span><\/p>\t\t\t\t\t\t\t\t<\/div>\n\t\t\t\t<\/div>\n\t\t\t\t\t<\/div>\n\t\t\t\t<\/div>\n\t\t<div class=\"elementor-element elementor-element-21ee54c e-flex e-con-boxed e-con e-parent\" data-id=\"21ee54c\" data-element_type=\"container\" data-e-type=\"container\">\n\t\t\t\t\t<div class=\"e-con-inner\">\n\t\t<div class=\"elementor-element elementor-element-1d0ad9f e-con-full e-flex e-con e-child\" data-id=\"1d0ad9f\" data-element_type=\"container\" data-e-type=\"container\">\n\t\t\t\t<div class=\"elementor-element elementor-element-538d1ff elementor-widget elementor-widget-image\" data-id=\"538d1ff\" data-element_type=\"widget\" data-e-type=\"widget\" data-widget_type=\"image.default\">\n\t\t\t\t<div class=\"elementor-widget-container\">\n\t\t\t\t\t\t\t\t\t\t\t\t\t\t\t<img loading=\"lazy\" decoding=\"async\" width=\"150\" height=\"150\" src=\"https:\/\/psychedelsi.org\/wp-content\/uploads\/2024\/01\/TNS-10195504-150x150.png\" class=\"attachment-thumbnail size-thumbnail wp-image-668\" alt=\"\" srcset=\"https:\/\/psychedelsi.org\/wp-content\/uploads\/2024\/01\/TNS-10195504-150x150.png 150w, https:\/\/psychedelsi.org\/wp-content\/uploads\/2024\/01\/TNS-10195504-300x300.png 300w, https:\/\/psychedelsi.org\/wp-content\/uploads\/2024\/01\/TNS-10195504-12x12.png 12w, https:\/\/psychedelsi.org\/wp-content\/uploads\/2024\/01\/TNS-10195504.png 700w\" sizes=\"(max-width: 150px) 100vw, 150px\" \/>\t\t\t\t\t\t\t\t\t\t\t\t\t\t\t<\/div>\n\t\t\t\t<\/div>\n\t\t\t\t<\/div>\n\t\t\t\t<div class=\"elementor-element elementor-element-3268817 elementor-widget elementor-widget-text-editor\" data-id=\"3268817\" data-element_type=\"widget\" data-e-type=\"widget\" data-widget_type=\"text-editor.default\">\n\t\t\t\t<div class=\"elementor-widget-container\">\n\t\t\t\t\t\t\t\t\t<p><a href=\"http:\/\/www.nicolaslanglitz.de\/\"><b><span style=\"color: #333333;\">Nicolas Langlitz<\/span><\/b><\/a><span style=\"color: #333333;\"> war der erste Autor in Science &amp; Technology Studies, der die Wiederbelebung der psychedelischen Forschung zu einer Zeit aufzeichnete und analysierte, als sie sich noch im pr\u00e4klinischen Stadium befand (Langlitz 2006; 2009; 2010; 2017). Seine Monographie <i>Neuropsychedelika: Die Wiederbelebung der Halluzinogenforschung seit dem Jahrzehnt des Gehirns <\/i>(University of California Press, 2012) untersucht historisch und ethnographisch, wie Psychedelika aus dem Untergrund in akademische Labors der Neuropsychopharmakologie zur\u00fcckkehrten. Er hat sich auch mit der Ethik der Psychotherapie besch\u00e4ftigt (<i>Die Zeit der Psychoanalyse, <\/i>Suhrkamp, 2005).<\/span><\/p>\t\t\t\t\t\t\t\t<\/div>\n\t\t\t\t<\/div>\n\t\t\t\t\t<\/div>\n\t\t\t\t<\/div>\n\t\t<div class=\"elementor-element elementor-element-fa171a4 e-flex e-con-boxed e-con e-parent\" data-id=\"fa171a4\" data-element_type=\"container\" data-e-type=\"container\">\n\t\t\t\t\t<div class=\"e-con-inner\">\n\t\t<div class=\"elementor-element elementor-element-b5bffd8 e-con-full e-flex e-con e-child\" data-id=\"b5bffd8\" data-element_type=\"container\" data-e-type=\"container\">\n\t\t\t\t<div class=\"elementor-element elementor-element-1bddce1 elementor-widget elementor-widget-image\" data-id=\"1bddce1\" data-element_type=\"widget\" data-e-type=\"widget\" data-widget_type=\"image.default\">\n\t\t\t\t<div class=\"elementor-widget-container\">\n\t\t\t\t\t\t\t\t\t\t\t\t\t\t\t<img loading=\"lazy\" decoding=\"async\" width=\"150\" height=\"150\" src=\"https:\/\/psychedelsi.org\/wp-content\/uploads\/2024\/01\/vector-flat-illustration-grayscale-avatar-600nw-2264922221-150x150.webp\" class=\"attachment-thumbnail size-thumbnail wp-image-709\" alt=\"\" srcset=\"https:\/\/psychedelsi.org\/wp-content\/uploads\/2024\/01\/vector-flat-illustration-grayscale-avatar-600nw-2264922221-150x150.webp 150w, https:\/\/psychedelsi.org\/wp-content\/uploads\/2024\/01\/vector-flat-illustration-grayscale-avatar-600nw-2264922221-300x300.webp 300w, https:\/\/psychedelsi.org\/wp-content\/uploads\/2024\/01\/vector-flat-illustration-grayscale-avatar-600nw-2264922221-12x12.webp 12w, https:\/\/psychedelsi.org\/wp-content\/uploads\/2024\/01\/vector-flat-illustration-grayscale-avatar-600nw-2264922221.webp 600w\" sizes=\"(max-width: 150px) 100vw, 150px\" \/>\t\t\t\t\t\t\t\t\t\t\t\t\t\t\t<\/div>\n\t\t\t\t<\/div>\n\t\t\t\t<\/div>\n\t\t\t\t<div class=\"elementor-element elementor-element-aa77ab7 elementor-widget elementor-widget-text-editor\" data-id=\"aa77ab7\" data-element_type=\"widget\" data-e-type=\"widget\" data-widget_type=\"text-editor.default\">\n\t\t\t\t<div class=\"elementor-widget-container\">\n\t\t\t\t\t\t\t\t\t<p class=\"translation-block\"><span style=\"color: #333333\"><b><\/b><b>Christopher Poppe <\/b> arbeitet als Postdoktorand an der Charit\u00e9. Als klinischer Psychologe und Medizinethiker interessieren ihn die empirische Untersuchung ethischer Aspekte psychedelisch-assistierter Psychotherapien sowie Patientenautonomie, Nebenwirkungen und harm reduction in der therapeutischen Interaktion als auch die Ethik psychedelisch-assistierter Psychotherapien am Lebensende.<\/p>\t\t\t\t\t\t\t\t<\/div>\n\t\t\t\t<\/div>\n\t\t\t\t\t<\/div>\n\t\t\t\t<\/div>\n\t\t<div class=\"elementor-element elementor-element-7f2517c e-flex e-con-boxed e-con e-parent\" data-id=\"7f2517c\" data-element_type=\"container\" data-e-type=\"container\">\n\t\t\t\t\t<div class=\"e-con-inner\">\n\t\t<div class=\"elementor-element elementor-element-2b3303e e-con-full e-flex e-con e-child\" data-id=\"2b3303e\" data-element_type=\"container\" data-e-type=\"container\">\n\t\t\t\t<div class=\"elementor-element elementor-element-913f3d5 elementor-widget elementor-widget-image\" data-id=\"913f3d5\" data-element_type=\"widget\" data-e-type=\"widget\" data-widget_type=\"image.default\">\n\t\t\t\t<div class=\"elementor-widget-container\">\n\t\t\t\t\t\t\t\t\t\t\t\t\t\t\t<img loading=\"lazy\" decoding=\"async\" width=\"150\" height=\"150\" src=\"https:\/\/psychedelsi.org\/wp-content\/uploads\/2024\/01\/vector-flat-illustration-grayscale-avatar-600nw-2264922221-150x150.webp\" class=\"attachment-thumbnail size-thumbnail wp-image-709\" alt=\"\" srcset=\"https:\/\/psychedelsi.org\/wp-content\/uploads\/2024\/01\/vector-flat-illustration-grayscale-avatar-600nw-2264922221-150x150.webp 150w, https:\/\/psychedelsi.org\/wp-content\/uploads\/2024\/01\/vector-flat-illustration-grayscale-avatar-600nw-2264922221-300x300.webp 300w, https:\/\/psychedelsi.org\/wp-content\/uploads\/2024\/01\/vector-flat-illustration-grayscale-avatar-600nw-2264922221-12x12.webp 12w, https:\/\/psychedelsi.org\/wp-content\/uploads\/2024\/01\/vector-flat-illustration-grayscale-avatar-600nw-2264922221.webp 600w\" sizes=\"(max-width: 150px) 100vw, 150px\" \/>\t\t\t\t\t\t\t\t\t\t\t\t\t\t\t<\/div>\n\t\t\t\t<\/div>\n\t\t\t\t<\/div>\n\t\t\t\t<div class=\"elementor-element elementor-element-95f7414 elementor-widget elementor-widget-text-editor\" data-id=\"95f7414\" data-element_type=\"widget\" data-e-type=\"widget\" data-widget_type=\"text-editor.default\">\n\t\t\t\t<div class=\"elementor-widget-container\">\n\t\t\t\t\t\t\t\t\t<p><span style=\"color: #333333;\"><b>Dimitris Repantis <\/b>ist Psychiater und Psychotherapeut und Co-Leiter der Psychedelic Substances Research Group in der Klinik f\u00fcr Psychiatrie und Psychotherapie der Charit\u00e9. Sein Forschungsschwerpunkt liegt auf der klinischen Anwendung von Psychedelika und er hat klinische Studien mit diversen psychedelische Substanzen durchgef\u00fchrt (Psilocybin, MDMA und 5-MeO-DMT). Sein besonderes Interesse gilt den ethischen Aspekten der psychedelischen Forschung und Therapie sowie der Psychiatrie und Psychotherapie im Allgemeinen und er hat in fr\u00fcheren Projekten zu Cognitive Enhancement und ethischen Fragen der Traumatherapie gearbeitet.<\/span><\/p>\t\t\t\t\t\t\t\t<\/div>\n\t\t\t\t<\/div>\n\t\t\t\t\t<\/div>\n\t\t\t\t<\/div>\n\t\t<div class=\"elementor-element elementor-element-aa087c9 e-flex e-con-boxed e-con e-parent\" data-id=\"aa087c9\" data-element_type=\"container\" data-e-type=\"container\">\n\t\t\t\t\t<div class=\"e-con-inner\">\n\t\t<div class=\"elementor-element elementor-element-f859e6b e-con-full e-flex e-con e-child\" data-id=\"f859e6b\" data-element_type=\"container\" data-e-type=\"container\">\n\t\t\t\t<div class=\"elementor-element elementor-element-ff8aa74 elementor-widget elementor-widget-image\" data-id=\"ff8aa74\" data-element_type=\"widget\" data-e-type=\"widget\" data-widget_type=\"image.default\">\n\t\t\t\t<div class=\"elementor-widget-container\">\n\t\t\t\t\t\t\t\t\t\t\t\t\t\t\t<img loading=\"lazy\" decoding=\"async\" width=\"150\" height=\"150\" src=\"https:\/\/psychedelsi.org\/wp-content\/uploads\/2024\/01\/TorstenVoigt-150x150.jpg\" class=\"attachment-thumbnail size-thumbnail wp-image-971\" alt=\"\" \/>\t\t\t\t\t\t\t\t\t\t\t\t\t\t\t<\/div>\n\t\t\t\t<\/div>\n\t\t\t\t<\/div>\n\t\t\t\t<div class=\"elementor-element elementor-element-ab5f38c elementor-widget elementor-widget-text-editor\" data-id=\"ab5f38c\" data-element_type=\"widget\" data-e-type=\"widget\" data-widget_type=\"text-editor.default\">\n\t\t\t\t<div class=\"elementor-widget-container\">\n\t\t\t\t\t\t\t\t\t<p class=\"translation-block\"><a href=\"http:\/\/www.thvoigt.com\/\" target=\"_self\"><b><span style=\"color: #333333\">Torsten H. Voigt <\/span><\/b><\/a><span style=\"color: #333333\"> ist Professor f\u00fcr Soziologie und Dekan der Philosophischen Fakult\u00e4t der RWTH Aachen. Seine Forschungsinteressen liegen in den Wissenschafts- und Technologiestudien mit besonderem Schwerpunkt auf Genetik und Neurowissenschaften, medizinischer Soziologie, Diversit\u00e4tsstudien, sozialer und kritischer Theorie sowie \u00f6ffentlichem Engagement in Wissenschaft und Technologie. Sein besonderes Interesse gilt dem Einsatz von Biotechnologien und Biomedizin zur Bew\u00e4ltigung gesellschaftlicher Probleme. Seine Arbeiten zu Gesundheit und Krankheit, gesellschaftlichen Einfl\u00fcssen und sozialen Implikationen von Biotechnologien sowie epistemologischen Grundlagen der Wissenschaft wurden in Sociology, Science, Technology and Human Values, Nature Genetics und dem European Journal of Human Genetics ver\u00f6ffentlicht und im Harvard Business Review, Forbes, CNN, NPR und Bloomberg Businessweek berichtet.<\/p>\t\t\t\t\t\t\t\t<\/div>\n\t\t\t\t<\/div>\n\t\t\t\t\t<\/div>\n\t\t\t\t<\/div>\n\t\t<div class=\"elementor-element elementor-element-e7bc89e e-flex e-con-boxed e-con e-parent\" data-id=\"e7bc89e\" data-element_type=\"container\" data-e-type=\"container\">\n\t\t\t\t\t<div class=\"e-con-inner\">\n\t\t<div class=\"elementor-element elementor-element-d86decf e-con-full e-flex e-con e-child\" data-id=\"d86decf\" data-element_type=\"container\" data-e-type=\"container\">\n\t\t\t\t<div class=\"elementor-element elementor-element-ee21368 elementor-widget elementor-widget-image\" data-id=\"ee21368\" data-element_type=\"widget\" data-e-type=\"widget\" data-widget_type=\"image.default\">\n\t\t\t\t<div class=\"elementor-widget-container\">\n\t\t\t\t\t\t\t\t\t\t\t\t\t\t\t<img loading=\"lazy\" decoding=\"async\" width=\"150\" height=\"150\" src=\"https:\/\/psychedelsi.org\/wp-content\/uploads\/2024\/01\/IMG_699536-150x150.jpg\" class=\"attachment-thumbnail size-thumbnail wp-image-733\" alt=\"\" \/>\t\t\t\t\t\t\t\t\t\t\t\t\t\t\t<\/div>\n\t\t\t\t<\/div>\n\t\t\t\t<\/div>\n\t\t\t\t<div class=\"elementor-element elementor-element-926a3b1 elementor-widget elementor-widget-text-editor\" data-id=\"926a3b1\" data-element_type=\"widget\" data-e-type=\"widget\" data-widget_type=\"text-editor.default\">\n\t\t\t\t<div class=\"elementor-widget-container\">\n\t\t\t\t\t\t\t\t\t<p><span style=\"color: #333333;\"><b>Minsu Yoo<\/b> ist wissenschaftliche Mitarbeiterin und Doktorandin an der RWTH Aachen. Ihre Forschungsinteressen konzentrieren sich auf das Innovationsparadigma in der psychopharmazeutischen Industrie und die institutionellen Geografien von Gesundheitspraktiken.<\/span><\/p>\t\t\t\t\t\t\t\t<\/div>\n\t\t\t\t<\/div>\n\t\t\t\t\t<\/div>\n\t\t\t\t<\/div>\n\t\t\t\t<\/div>","protected":false},"excerpt":{"rendered":"<p>\u00a0 The research of Christoph Bublitz focuses on the legal regulation of the human mind and legal implications of developments in psychology and neuroscience. He is a leading figure in the field of neuroethics, has written extensively on law and ethics of neurointerventions and psychotherapy and was awarded prizes for his work on legal and [&hellip;]<\/p>\n","protected":false},"author":1,"featured_media":0,"parent":0,"menu_order":1,"comment_status":"closed","ping_status":"closed","template":"","meta":{"_uag_custom_page_level_css":"","site-sidebar-layout":"default","site-content-layout":"","ast-site-content-layout":"default","site-content-style":"default","site-sidebar-style":"default","ast-global-header-display":"","ast-banner-title-visibility":"","ast-main-header-display":"","ast-hfb-above-header-display":"","ast-hfb-below-header-display":"","ast-hfb-mobile-header-display":"","site-post-title":"","ast-breadcrumbs-content":"","ast-featured-img":"","footer-sml-layout":"","theme-transparent-header-meta":"","adv-header-id-meta":"","stick-header-meta":"","header-above-stick-meta":"","header-main-stick-meta":"","header-below-stick-meta":"","astra-migrate-meta-layouts":"set","ast-page-background-enabled":"default","ast-page-background-meta":{"desktop":{"background-color":"var(--ast-global-color-4)","background-image":"","background-repeat":"repeat","background-position":"center center","background-size":"auto","background-attachment":"scroll","background-type":"","background-media":"","overlay-type":"","overlay-color":"","overlay-gradient":""},"tablet":{"background-color":"","background-image":"","background-repeat":"repeat","background-position":"center center","background-size":"auto","background-attachment":"scroll","background-type":"","background-media":"","overlay-type":"","overlay-color":"","overlay-gradient":""},"mobile":{"background-color":"","background-image":"","background-repeat":"repeat","background-position":"center center","background-size":"auto","background-attachment":"scroll","background-type":"","background-media":"","overlay-type":"","overlay-color":"","overlay-gradient":""}},"ast-content-background-meta":{"desktop":{"background-color":"var(--ast-global-color-5)","background-image":"","background-repeat":"repeat","background-position":"center center","background-size":"auto","background-attachment":"scroll","background-type":"","background-media":"","overlay-type":"","overlay-color":"","overlay-gradient":""},"tablet":{"background-color":"var(--ast-global-color-5)","background-image":"","background-repeat":"repeat","background-position":"center center","background-size":"auto","background-attachment":"scroll","background-type":"","background-media":"","overlay-type":"","overlay-color":"","overlay-gradient":""},"mobile":{"background-color":"var(--ast-global-color-5)","background-image":"","background-repeat":"repeat","background-position":"center center","background-size":"auto","background-attachment":"scroll","background-type":"","background-media":"","overlay-type":"","overlay-color":"","overlay-gradient":""}},"footnotes":""},"class_list":["post-21","page","type-page","status-publish","hentry"],"aioseo_notices":[],"uagb_featured_image_src":{"full":false,"thumbnail":false,"medium":false,"medium_large":false,"large":false,"1536x1536":false,"2048x2048":false,"trp-custom-language-flag":false},"uagb_author_info":{"display_name":"Hallucinate123","author_link":"https:\/\/psychedelsi.org\/de\/author\/hallucinate123\/"},"uagb_comment_info":0,"uagb_excerpt":"\u00a0 The research of Christoph Bublitz focuses on the legal regulation of the human mind and legal implications of developments in psychology and neuroscience. He is a leading figure in the field of neuroethics, has written extensively on law and ethics of neurointerventions and psychotherapy and was awarded prizes for his work on legal and&hellip;","_links":{"self":[{"href":"https:\/\/psychedelsi.org\/de\/wp-json\/wp\/v2\/pages\/21","targetHints":{"allow":["GET"]}}],"collection":[{"href":"https:\/\/psychedelsi.org\/de\/wp-json\/wp\/v2\/pages"}],"about":[{"href":"https:\/\/psychedelsi.org\/de\/wp-json\/wp\/v2\/types\/page"}],"author":[{"embeddable":true,"href":"https:\/\/psychedelsi.org\/de\/wp-json\/wp\/v2\/users\/1"}],"replies":[{"embeddable":true,"href":"https:\/\/psychedelsi.org\/de\/wp-json\/wp\/v2\/comments?post=21"}],"version-history":[{"count":10,"href":"https:\/\/psychedelsi.org\/de\/wp-json\/wp\/v2\/pages\/21\/revisions"}],"predecessor-version":[{"id":1294,"href":"https:\/\/psychedelsi.org\/de\/wp-json\/wp\/v2\/pages\/21\/revisions\/1294"}],"wp:attachment":[{"href":"https:\/\/psychedelsi.org\/de\/wp-json\/wp\/v2\/media?parent=21"}],"curies":[{"name":"wp","href":"https:\/\/api.w.org\/{rel}","templated":true}]}}